{"id":819,"date":"2024-04-26T14:57:42","date_gmt":"2024-04-26T14:57:42","guid":{"rendered":"https:\/\/pemaejetes.org.al\/?page_id=819"},"modified":"2024-04-26T16:13:02","modified_gmt":"2024-04-26T16:13:02","slug":"plan-strategjik-per-fondacionin-pema-e-jetes-2023-2027","status":"publish","type":"page","link":"http:\/\/pemaejetes.org.al\/index.php\/plan-strategjik-per-fondacionin-pema-e-jetes-2023-2027\/","title":{"rendered":"Plan Strategjik p\u00ebr Fondacionin &#8220;Pema e Jet\u00ebs&#8221; 2023-2027"},"content":{"rendered":"\t\t<div data-elementor-type=\"wp-page\" data-elementor-id=\"819\" class=\"elementor elementor-819\">\n\t\t\t\t<div class=\"elementor-element elementor-element-877b550 e-con-full e-flex e-con e-parent\" data-id=\"877b550\" data-element_type=\"container\" data-settings=\"{&quot;background_background&quot;:&quot;classic&quot;,&quot;_ha_eqh_enable&quot;:false}\" data-core-v316-plus=\"true\">\n\t\t\t\t<div class=\"elementor-element elementor-element-5faf9b3 elementor-widget elementor-widget-heading\" data-id=\"5faf9b3\" data-element_type=\"widget\" data-widget_type=\"heading.default\">\n\t\t\t\t<div class=\"elementor-widget-container\">\n\t\t\t<style>\/*! elementor - v3.20.0 - 26-03-2024 *\/\n.elementor-heading-title{padding:0;margin:0;line-height:1}.elementor-widget-heading .elementor-heading-title[class*=elementor-size-]>a{color:inherit;font-size:inherit;line-height:inherit}.elementor-widget-heading .elementor-heading-title.elementor-size-small{font-size:15px}.elementor-widget-heading .elementor-heading-title.elementor-size-medium{font-size:19px}.elementor-widget-heading .elementor-heading-title.elementor-size-large{font-size:29px}.elementor-widget-heading .elementor-heading-title.elementor-size-xl{font-size:39px}.elementor-widget-heading .elementor-heading-title.elementor-size-xxl{font-size:59px}<\/style><h2 class=\"elementor-heading-title elementor-size-default\">Plan Strategjik p\u00ebr Fondacionin &#8220;Pema e Jet\u00ebs&#8221; 2023-2027<\/h2>\t\t<\/div>\n\t\t\t\t<\/div>\n\t\t\t\t<\/div>\n\t\t<div class=\"elementor-element elementor-element-d42eb36 e-flex e-con-boxed e-con e-parent\" data-id=\"d42eb36\" data-element_type=\"container\" data-settings=\"{&quot;_ha_eqh_enable&quot;:false}\" data-core-v316-plus=\"true\">\n\t\t\t\t\t<div class=\"e-con-inner\">\n\t\t\t\t<div class=\"elementor-element elementor-element-f2b8ff9 elementor-widget elementor-widget-text-editor\" data-id=\"f2b8ff9\" data-element_type=\"widget\" data-widget_type=\"text-editor.default\">\n\t\t\t\t<div class=\"elementor-widget-container\">\n\t\t\t<style>\/*! elementor - v3.20.0 - 26-03-2024 *\/\n.elementor-widget-text-editor.elementor-drop-cap-view-stacked .elementor-drop-cap{background-color:#69727d;color:#fff}.elementor-widget-text-editor.elementor-drop-cap-view-framed .elementor-drop-cap{color:#69727d;border:3px solid;background-color:transparent}.elementor-widget-text-editor:not(.elementor-drop-cap-view-default) .elementor-drop-cap{margin-top:8px}.elementor-widget-text-editor:not(.elementor-drop-cap-view-default) .elementor-drop-cap-letter{width:1em;height:1em}.elementor-widget-text-editor .elementor-drop-cap{float:left;text-align:center;line-height:1;font-size:50px}.elementor-widget-text-editor .elementor-drop-cap-letter{display:inline-block}<\/style>\t\t\t\t<p><strong>Q\u00ebllimi i P\u00ebrgjithsh\u00ebm<\/strong><\/p><p>P\u00ebrmir\u00ebsimi i kujdesit dhe mb\u00ebshtetjes p\u00ebr pacient\u00ebt me skleroz\u00eb multiple dhe s\u00ebmundje t\u00eb tjera kronike n\u00ebp\u00ebrmjet lobimit p\u00ebr qasje n\u00eb trajtime inovative, ofrimi i terapis\u00eb falas fizioterapeutike, ngritja e nj\u00eb qendre t\u00eb re rehabilitimi dhe mbrojtja e t\u00eb drejtave t\u00eb pacient\u00ebve.<\/p><p><strong>Objektivat Specifik\u00eb dhe Veprimet<\/strong><\/p><ol><li>Lobimi p\u00ebr Sigurimin e Medikamenteve t\u00eb Reja nga Shteti dhe t\u00eb Drejtat e Pacient\u00ebve (deri n\u00eb 2027)<\/li><\/ol><ul><li>Strategjia e Lobimit p\u00ebr Medikamente dhe t\u00eb Drejta: P\u00ebrforcimi i strategjive t\u00eb lobimit p\u00ebr t\u00eb p\u00ebrfshir\u00eb edhe mbrojtjen e t\u00eb drejtave t\u00eb pacient\u00ebve me s\u00ebmundje kronike. Hartimi i propozimeve p\u00ebr politika t\u00eb reja, organizimi i fushatave t\u00eb nd\u00ebrgjegj\u00ebsimit dhe zhvillimi i partneriteteve me organizata t\u00eb tjera.<\/li><li>Veprimet Legjislative dhe Politike: Monitorimi aktiv i legjislacionit dhe politikave n\u00eb zhvillim p\u00ebr t\u00eb ndikuar n\u00eb mund\u00ebsit\u00eb p\u00ebr mb\u00ebshtetjen e pacient\u00ebve.<\/li><li>Fuqizimi i Pacient\u00ebve: Organizimi i programeve p\u00ebr t\u00eb edukuar pacient\u00ebt mbi t\u00eb drejtat e tyre dhe m\u00ebnyrat p\u00ebr t\u00eb k\u00ebrkuar trajtime dhe sh\u00ebrbime m\u00eb t\u00eb mira.<\/li><\/ul><ol start=\"2\"><li>Sigurimi i Fizioterapis\u00eb Falas n\u00eb Qendrat Sh\u00ebndet\u00ebsore (deri n\u00eb 2025)<\/li><\/ol><ul><li>Zgjerimi i Qendrave dhe Trajnime: Zgjerimi i qendrave dhe trajnimi i stafit p\u00ebr t\u00eb p\u00ebrfshir\u00eb teknikat m\u00eb efektive dhe bashk\u00ebkohore t\u00eb fizioterapis\u00eb.<\/li><\/ul><ol start=\"3\"><li>Ngritja e Qendr\u00ebs s\u00eb Par\u00eb t\u00eb Rehabilitimit (deri n\u00eb 2026)<\/li><\/ol><ul><li>Planifikimi, Nd\u00ebrtimi dhe Operimi: P\u00ebrcaktimi i vendndodhjes s\u00eb qendr\u00ebs dhe menaxhimi i projektit t\u00eb nd\u00ebrtimit.<\/li><li>Rekrutimi i Stafit: Zgjedhja e nj\u00eb ekipi t\u00eb specializuar t\u00eb profesionist\u00ebve t\u00eb sh\u00ebndet\u00ebsis\u00eb dhe trajnimi i tyre p\u00ebr t\u00eb ofruar kujdes t\u00eb integruar dhe t\u00eb personalizuar.<\/li><li>Programet e Kujdesit: Zhvillimi i programeve t\u00eb kujdesit q\u00eb synojn\u00eb t\u00eb adresojn\u00eb nevojat fizike, emocionale dhe sociale t\u00eb pacient\u00ebve.<\/li><\/ul>\t\t\t\t\t\t<\/div>\n\t\t\t\t<\/div>\n\t\t\t\t<div class=\"elementor-element elementor-element-fca3e16 elementor-widget elementor-widget-image\" data-id=\"fca3e16\" data-element_type=\"widget\" data-widget_type=\"image.default\">\n\t\t\t\t<div class=\"elementor-widget-container\">\n\t\t\t<style>\/*! elementor - v3.20.0 - 26-03-2024 *\/\n.elementor-widget-image{text-align:center}.elementor-widget-image a{display:inline-block}.elementor-widget-image a img[src$=\".svg\"]{width:48px}.elementor-widget-image img{vertical-align:middle;display:inline-block}<\/style>\t\t\t\t\t\t\t\t\t\t<img fetchpriority=\"high\" decoding=\"async\" width=\"800\" height=\"779\" src=\"http:\/\/pemaejetes.org.al\/wp-content\/uploads\/2024\/04\/d.jpg\" class=\"attachment-large size-large wp-image-821\" alt=\"\" srcset=\"http:\/\/pemaejetes.org.al\/wp-content\/uploads\/2024\/04\/d.jpg 975w, http:\/\/pemaejetes.org.al\/wp-content\/uploads\/2024\/04\/d-300x292.jpg 300w, http:\/\/pemaejetes.org.al\/wp-content\/uploads\/2024\/04\/d-768x748.jpg 768w, http:\/\/pemaejetes.org.al\/wp-content\/uploads\/2024\/04\/d-12x12.jpg 12w\" sizes=\"(max-width: 800px) 100vw, 800px\" \/>\t\t\t\t\t\t\t\t\t\t\t\t\t<\/div>\n\t\t\t\t<\/div>\n\t\t\t\t\t<\/div>\n\t\t\t\t<\/div>\n\t\t<div class=\"elementor-element elementor-element-be218f7 e-flex e-con-boxed e-con e-parent\" data-id=\"be218f7\" data-element_type=\"container\" data-settings=\"{&quot;_ha_eqh_enable&quot;:false}\" data-core-v316-plus=\"true\">\n\t\t\t\t\t<div class=\"e-con-inner\">\n\t\t\t\t<div class=\"elementor-element elementor-element-f3910bc elementor-widget elementor-widget-text-editor\" data-id=\"f3910bc\" data-element_type=\"widget\" data-widget_type=\"text-editor.default\">\n\t\t\t\t<div class=\"elementor-widget-container\">\n\t\t\t\t\t\t\t<p><strong>Matjet e Suksesit<\/strong><\/p><ul><li>Impakti i P\u00ebrpjekjeve t\u00eb Lobimit: Vler\u00ebsimi i suksesit t\u00eb p\u00ebrpjekjeve t\u00eb lobimit n\u00eb ndryshimet politike dhe n\u00eb p\u00ebrmir\u00ebsimin e qasjes n\u00eb trajtime dhe medikamente.<\/li><li>Satisfaksioni dhe P\u00ebrfshirja e Pacient\u00ebve: Monitorimi i k\u00ebnaq\u00ebsis\u00eb s\u00eb pacient\u00ebve dhe marrjes s\u00eb tyre pjes\u00eb n\u00eb programe dhe n\u00eb proceset vendimmarr\u00ebse p\u00ebr kujdesin sh\u00ebndet\u00ebsor.<\/li><li>Efektiviteti i Qendr\u00ebs s\u00eb Rehabilitimit dhe Programet e Fizioterapis\u00eb: Raporte periodike mbi performanc\u00ebn<\/li><\/ul>\t\t\t\t\t\t<\/div>\n\t\t\t\t<\/div>\n\t\t\t\t\t<\/div>\n\t\t\t\t<\/div>\n\t\t\t\t<\/div>\n\t\t","protected":false},"excerpt":{"rendered":"<p>Q\u00ebllimi i P\u00ebrgjithsh\u00ebm P\u00ebrmir\u00ebsimi i kujdesit dhe mb\u00ebshtetjes p\u00ebr pacient\u00ebt me skleroz\u00eb multiple dhe s\u00ebmundje t\u00eb tjera kronike n\u00ebp\u00ebrmjet lobimit p\u00ebr qasje n\u00eb trajtime inovative, ofrimi i terapis\u00eb falas fizioterapeutike, ngritja e nj\u00eb qendre t\u00eb re rehabilitimi dhe mbrojtja e t\u00eb drejtave t\u00eb pacient\u00ebve. Objektivat Specifik\u00eb dhe Veprimet Lobimi p\u00ebr Sigurimin e Medikamenteve t\u00eb Reja [&hellip;]<\/p>\n","protected":false},"author":1,"featured_media":0,"parent":0,"menu_order":0,"comment_status":"closed","ping_status":"closed","template":"elementor_header_footer","meta":{"footnotes":""},"class_list":["post-819","page","type-page","status-publish","hentry"],"acf":[],"yoast_head":"<!-- This site is optimized with the Yoast SEO plugin v22.6 - https:\/\/yoast.com\/wordpress\/plugins\/seo\/ -->\n<title>Plan Strategjik p\u00ebr Fondacionin &quot;Pema e Jet\u00ebs&quot; 2023-2027 - Pema e Jetes<\/title>\n<meta name=\"robots\" content=\"index, follow, max-snippet:-1, max-image-preview:large, max-video-preview:-1\" \/>\n<link rel=\"canonical\" href=\"http:\/\/pemaejetes.org.al\/index.php\/plan-strategjik-per-fondacionin-pema-e-jetes-2023-2027\/\" \/>\n<meta property=\"og:locale\" content=\"en_US\" \/>\n<meta property=\"og:type\" content=\"article\" \/>\n<meta property=\"og:title\" content=\"Plan Strategjik p\u00ebr Fondacionin &quot;Pema e Jet\u00ebs&quot; 2023-2027 - Pema e Jetes\" \/>\n<meta property=\"og:description\" content=\"Q\u00ebllimi i P\u00ebrgjithsh\u00ebm P\u00ebrmir\u00ebsimi i kujdesit dhe mb\u00ebshtetjes p\u00ebr pacient\u00ebt me skleroz\u00eb multiple dhe s\u00ebmundje t\u00eb tjera kronike n\u00ebp\u00ebrmjet lobimit p\u00ebr qasje n\u00eb trajtime inovative, ofrimi i terapis\u00eb falas fizioterapeutike, ngritja e nj\u00eb qendre t\u00eb re rehabilitimi dhe mbrojtja e t\u00eb drejtave t\u00eb pacient\u00ebve. Objektivat Specifik\u00eb dhe Veprimet Lobimi p\u00ebr Sigurimin e Medikamenteve t\u00eb Reja [&hellip;]\" \/>\n<meta property=\"og:url\" content=\"http:\/\/pemaejetes.org.al\/index.php\/plan-strategjik-per-fondacionin-pema-e-jetes-2023-2027\/\" \/>\n<meta property=\"og:site_name\" content=\"Pema e Jetes\" \/>\n<meta property=\"article:modified_time\" content=\"2024-04-26T16:13:02+00:00\" \/>\n<meta property=\"og:image\" content=\"http:\/\/pemaejetes.org.al\/wp-content\/uploads\/2024\/04\/d.jpg\" \/>\n<meta name=\"twitter:card\" content=\"summary_large_image\" \/>\n<meta name=\"twitter:label1\" content=\"Est. reading time\" \/>\n\t<meta name=\"twitter:data1\" content=\"2 minutes\" \/>\n<script type=\"application\/ld+json\" class=\"yoast-schema-graph\">{\"@context\":\"https:\/\/schema.org\",\"@graph\":[{\"@type\":\"WebPage\",\"@id\":\"http:\/\/pemaejetes.org.al\/index.php\/plan-strategjik-per-fondacionin-pema-e-jetes-2023-2027\/\",\"url\":\"http:\/\/pemaejetes.org.al\/index.php\/plan-strategjik-per-fondacionin-pema-e-jetes-2023-2027\/\",\"name\":\"Plan Strategjik p\u00ebr Fondacionin \\\"Pema e Jet\u00ebs\\\" 2023-2027 - Pema e Jetes\",\"isPartOf\":{\"@id\":\"https:\/\/pemaejetes.org.al\/#website\"},\"primaryImageOfPage\":{\"@id\":\"http:\/\/pemaejetes.org.al\/index.php\/plan-strategjik-per-fondacionin-pema-e-jetes-2023-2027\/#primaryimage\"},\"image\":{\"@id\":\"http:\/\/pemaejetes.org.al\/index.php\/plan-strategjik-per-fondacionin-pema-e-jetes-2023-2027\/#primaryimage\"},\"thumbnailUrl\":\"http:\/\/pemaejetes.org.al\/wp-content\/uploads\/2024\/04\/d.jpg\",\"datePublished\":\"2024-04-26T14:57:42+00:00\",\"dateModified\":\"2024-04-26T16:13:02+00:00\",\"breadcrumb\":{\"@id\":\"http:\/\/pemaejetes.org.al\/index.php\/plan-strategjik-per-fondacionin-pema-e-jetes-2023-2027\/#breadcrumb\"},\"inLanguage\":\"en-US\",\"potentialAction\":[{\"@type\":\"ReadAction\",\"target\":[\"http:\/\/pemaejetes.org.al\/index.php\/plan-strategjik-per-fondacionin-pema-e-jetes-2023-2027\/\"]}]},{\"@type\":\"ImageObject\",\"inLanguage\":\"en-US\",\"@id\":\"http:\/\/pemaejetes.org.al\/index.php\/plan-strategjik-per-fondacionin-pema-e-jetes-2023-2027\/#primaryimage\",\"url\":\"http:\/\/pemaejetes.org.al\/wp-content\/uploads\/2024\/04\/d.jpg\",\"contentUrl\":\"http:\/\/pemaejetes.org.al\/wp-content\/uploads\/2024\/04\/d.jpg\",\"width\":975,\"height\":949},{\"@type\":\"BreadcrumbList\",\"@id\":\"http:\/\/pemaejetes.org.al\/index.php\/plan-strategjik-per-fondacionin-pema-e-jetes-2023-2027\/#breadcrumb\",\"itemListElement\":[{\"@type\":\"ListItem\",\"position\":1,\"name\":\"Home\",\"item\":\"https:\/\/pemaejetes.org.al\/\"},{\"@type\":\"ListItem\",\"position\":2,\"name\":\"Plan Strategjik p\u00ebr Fondacionin &#8220;Pema e Jet\u00ebs&#8221; 2023-2027\"}]},{\"@type\":\"WebSite\",\"@id\":\"https:\/\/pemaejetes.org.al\/#website\",\"url\":\"https:\/\/pemaejetes.org.al\/\",\"name\":\"Pema e Jetes\",\"description\":\"\",\"publisher\":{\"@id\":\"https:\/\/pemaejetes.org.al\/#organization\"},\"potentialAction\":[{\"@type\":\"SearchAction\",\"target\":{\"@type\":\"EntryPoint\",\"urlTemplate\":\"https:\/\/pemaejetes.org.al\/?s={search_term_string}\"},\"query-input\":\"required name=search_term_string\"}],\"inLanguage\":\"en-US\"},{\"@type\":\"Organization\",\"@id\":\"https:\/\/pemaejetes.org.al\/#organization\",\"name\":\"Pema e Jetes\",\"url\":\"https:\/\/pemaejetes.org.al\/\",\"logo\":{\"@type\":\"ImageObject\",\"inLanguage\":\"en-US\",\"@id\":\"https:\/\/pemaejetes.org.al\/#\/schema\/logo\/image\/\",\"url\":\"http:\/\/pemaejetes.org.al\/wp-content\/uploads\/2024\/04\/LOGO-Pema-e-Jetes-pdf_page-0002-e1712155546269.jpg\",\"contentUrl\":\"http:\/\/pemaejetes.org.al\/wp-content\/uploads\/2024\/04\/LOGO-Pema-e-Jetes-pdf_page-0002-e1712155546269.jpg\",\"width\":657,\"height\":610,\"caption\":\"Pema e Jetes\"},\"image\":{\"@id\":\"https:\/\/pemaejetes.org.al\/#\/schema\/logo\/image\/\"}}]}<\/script>\n<!-- \/ Yoast SEO plugin. -->","yoast_head_json":{"title":"Plan Strategjik p\u00ebr Fondacionin \"Pema e Jet\u00ebs\" 2023-2027 - Pema e Jetes","robots":{"index":"index","follow":"follow","max-snippet":"max-snippet:-1","max-image-preview":"max-image-preview:large","max-video-preview":"max-video-preview:-1"},"canonical":"http:\/\/pemaejetes.org.al\/index.php\/plan-strategjik-per-fondacionin-pema-e-jetes-2023-2027\/","og_locale":"en_US","og_type":"article","og_title":"Plan Strategjik p\u00ebr Fondacionin \"Pema e Jet\u00ebs\" 2023-2027 - Pema e Jetes","og_description":"Q\u00ebllimi i P\u00ebrgjithsh\u00ebm P\u00ebrmir\u00ebsimi i kujdesit dhe mb\u00ebshtetjes p\u00ebr pacient\u00ebt me skleroz\u00eb multiple dhe s\u00ebmundje t\u00eb tjera kronike n\u00ebp\u00ebrmjet lobimit p\u00ebr qasje n\u00eb trajtime inovative, ofrimi i terapis\u00eb falas fizioterapeutike, ngritja e nj\u00eb qendre t\u00eb re rehabilitimi dhe mbrojtja e t\u00eb drejtave t\u00eb pacient\u00ebve. Objektivat Specifik\u00eb dhe Veprimet Lobimi p\u00ebr Sigurimin e Medikamenteve t\u00eb Reja [&hellip;]","og_url":"http:\/\/pemaejetes.org.al\/index.php\/plan-strategjik-per-fondacionin-pema-e-jetes-2023-2027\/","og_site_name":"Pema e Jetes","article_modified_time":"2024-04-26T16:13:02+00:00","og_image":[{"url":"http:\/\/pemaejetes.org.al\/wp-content\/uploads\/2024\/04\/d.jpg"}],"twitter_card":"summary_large_image","twitter_misc":{"Est. reading time":"2 minutes"},"schema":{"@context":"https:\/\/schema.org","@graph":[{"@type":"WebPage","@id":"http:\/\/pemaejetes.org.al\/index.php\/plan-strategjik-per-fondacionin-pema-e-jetes-2023-2027\/","url":"http:\/\/pemaejetes.org.al\/index.php\/plan-strategjik-per-fondacionin-pema-e-jetes-2023-2027\/","name":"Plan Strategjik p\u00ebr Fondacionin \"Pema e Jet\u00ebs\" 2023-2027 - Pema e Jetes","isPartOf":{"@id":"https:\/\/pemaejetes.org.al\/#website"},"primaryImageOfPage":{"@id":"http:\/\/pemaejetes.org.al\/index.php\/plan-strategjik-per-fondacionin-pema-e-jetes-2023-2027\/#primaryimage"},"image":{"@id":"http:\/\/pemaejetes.org.al\/index.php\/plan-strategjik-per-fondacionin-pema-e-jetes-2023-2027\/#primaryimage"},"thumbnailUrl":"http:\/\/pemaejetes.org.al\/wp-content\/uploads\/2024\/04\/d.jpg","datePublished":"2024-04-26T14:57:42+00:00","dateModified":"2024-04-26T16:13:02+00:00","breadcrumb":{"@id":"http:\/\/pemaejetes.org.al\/index.php\/plan-strategjik-per-fondacionin-pema-e-jetes-2023-2027\/#breadcrumb"},"inLanguage":"en-US","potentialAction":[{"@type":"ReadAction","target":["http:\/\/pemaejetes.org.al\/index.php\/plan-strategjik-per-fondacionin-pema-e-jetes-2023-2027\/"]}]},{"@type":"ImageObject","inLanguage":"en-US","@id":"http:\/\/pemaejetes.org.al\/index.php\/plan-strategjik-per-fondacionin-pema-e-jetes-2023-2027\/#primaryimage","url":"http:\/\/pemaejetes.org.al\/wp-content\/uploads\/2024\/04\/d.jpg","contentUrl":"http:\/\/pemaejetes.org.al\/wp-content\/uploads\/2024\/04\/d.jpg","width":975,"height":949},{"@type":"BreadcrumbList","@id":"http:\/\/pemaejetes.org.al\/index.php\/plan-strategjik-per-fondacionin-pema-e-jetes-2023-2027\/#breadcrumb","itemListElement":[{"@type":"ListItem","position":1,"name":"Home","item":"https:\/\/pemaejetes.org.al\/"},{"@type":"ListItem","position":2,"name":"Plan Strategjik p\u00ebr Fondacionin &#8220;Pema e Jet\u00ebs&#8221; 2023-2027"}]},{"@type":"WebSite","@id":"https:\/\/pemaejetes.org.al\/#website","url":"https:\/\/pemaejetes.org.al\/","name":"Pema e Jetes","description":"","publisher":{"@id":"https:\/\/pemaejetes.org.al\/#organization"},"potentialAction":[{"@type":"SearchAction","target":{"@type":"EntryPoint","urlTemplate":"https:\/\/pemaejetes.org.al\/?s={search_term_string}"},"query-input":"required name=search_term_string"}],"inLanguage":"en-US"},{"@type":"Organization","@id":"https:\/\/pemaejetes.org.al\/#organization","name":"Pema e Jetes","url":"https:\/\/pemaejetes.org.al\/","logo":{"@type":"ImageObject","inLanguage":"en-US","@id":"https:\/\/pemaejetes.org.al\/#\/schema\/logo\/image\/","url":"http:\/\/pemaejetes.org.al\/wp-content\/uploads\/2024\/04\/LOGO-Pema-e-Jetes-pdf_page-0002-e1712155546269.jpg","contentUrl":"http:\/\/pemaejetes.org.al\/wp-content\/uploads\/2024\/04\/LOGO-Pema-e-Jetes-pdf_page-0002-e1712155546269.jpg","width":657,"height":610,"caption":"Pema e Jetes"},"image":{"@id":"https:\/\/pemaejetes.org.al\/#\/schema\/logo\/image\/"}}]}},"_links":{"self":[{"href":"http:\/\/pemaejetes.org.al\/index.php\/wp-json\/wp\/v2\/pages\/819","targetHints":{"allow":["GET"]}}],"collection":[{"href":"http:\/\/pemaejetes.org.al\/index.php\/wp-json\/wp\/v2\/pages"}],"about":[{"href":"http:\/\/pemaejetes.org.al\/index.php\/wp-json\/wp\/v2\/types\/page"}],"author":[{"embeddable":true,"href":"http:\/\/pemaejetes.org.al\/index.php\/wp-json\/wp\/v2\/users\/1"}],"replies":[{"embeddable":true,"href":"http:\/\/pemaejetes.org.al\/index.php\/wp-json\/wp\/v2\/comments?post=819"}],"version-history":[{"count":7,"href":"http:\/\/pemaejetes.org.al\/index.php\/wp-json\/wp\/v2\/pages\/819\/revisions"}],"predecessor-version":[{"id":898,"href":"http:\/\/pemaejetes.org.al\/index.php\/wp-json\/wp\/v2\/pages\/819\/revisions\/898"}],"wp:attachment":[{"href":"http:\/\/pemaejetes.org.al\/index.php\/wp-json\/wp\/v2\/media?parent=819"}],"curies":[{"name":"wp","href":"https:\/\/api.w.org\/{rel}","templated":true}]}}